{"id":162,"date":"2008-11-15T16:21:08","date_gmt":"2008-11-15T21:21:08","guid":{"rendered":"http:\/\/istvanhorvath.com\/huma\/a-blogrol\/skizo-teszt\/"},"modified":"2016-01-29T18:07:15","modified_gmt":"2016-01-29T18:07:15","slug":"skizo-teszt","status":"publish","type":"page","link":"https:\/\/istvanhorvath.com\/huma\/szovegmentes\/skizo-teszt\/","title":{"rendered":"A skizofr\u00e9n erd\u00e9lyi emigr\u00e1ns esete a vil\u00e1gh\u00e1l\u00f3val"},"content":{"rendered":"<\/p>\n<div align=\"right\"><small>Mindig mondom, hogy az abszurdot \u00e9lj\u00fck, \u00e9s nem irodalmi alkot\u00e1sokb\u00f3l tanuljuk, mik\u00e9nt a Nyugat.<\/small><\/div>\n<h4>1. Emigr\u00e1ns t\u00f6rt\u00e9nete<\/h4>\n<p>Tizenvalah\u00e1ny \u00e9ve az akkor m\u00e9g nem skizofr\u00e9n erd\u00e9lyi magyar emigr\u00e1ns &#8222;elmenek\u00fclt&#8221; Erd\u00e9lyb\u0151l. Magyarorsz\u00e1gra. Na j\u00f3, ne dramatiz\u00e1ljunk: sima n\u00e9vh\u00e1zass\u00e1g volt, a bosszant\u00f3 csak az, hogy a &#8222;nej&#8221; anyagilag rendesen \u00e1tverte, pedig mindig okosabbnak k\u00e9pzelj\u00fck magunkat a csonk\u00e1kn\u00e1l! Val\u00f3sz\u00edn\u0171 akkor m\u00e9g halov\u00e1nyan pisl\u00e1kolt benne a haza\u00e9rkez\u00e9s hamis ill\u00fazi\u00f3ja, ez\u00e9rt lankadt a szok\u00e1sos \u00f3vatoss\u00e1g. No, meg f\u00e9lt is hangosan tiltakozni, mert h\u00e1tha a (kommunista) hat\u00f3s\u00e1gok haza zavarj\u00e1k&#8230; Elk\u00f6nyvelte a vesztes\u00e9gek tanul\u00f3p\u00e9nz kateg\u00f3ri\u00e1j\u00e1ba.<\/p>\n<p>Telt-m\u00falt az id\u0151, azt\u00e1n ott se \u00e9rezte mag\u00e1t otthon. T\u00f6bbnyire m\u00e1s erd\u00e9lyiek sem, de ritk\u00e1n mondt\u00e1k. B\u00e1r mostan\u00e1ban mintha egyre gyakrabban. K\u00f6zben, persze, volt alkalma megfordulni majdnem minden Erd\u00e9llyel foglalkoz\u00f3 vagy azt &#8222;z\u00e1szl\u00f3ra t\u0171z\u0151&#8221; szervezet, mozgalom h\u00e1za t\u00e1j\u00e1n, \u00e1m t\u00f6bbnyire arra a k\u00f6vetkeztet\u00e9sre jutott az emigr\u00e1ns, hogy nem tud azonosulni a jelszavakkal \u00e9s\/vagy mentalit\u00e1ssal. Ami term\u00e9szetesen nem felt\u00e9tlen\u00fcl az \u0151 hib\u00e1juk. K\u00f3v\u00e1lyogott, mint g\u00f3lyaszar a leveg\u0151ben.<\/p>\n<p>\u00c9s mivel \u00fagy v\u00e9lte, vissza\u00fat nincs, kital\u00e1lta, hogy el kell menni dolgozni k\u00fclf\u00f6ldre&#8230; Az aff\u00e9le bent is vagyok, kint is vagyok \u00e1llapot. \u00c9pp a magafajt\u00e1nak val\u00f3. No, lett is bel\u0151le szeretetszolga Boszni\u00e1ban, meg Csecsenf\u00f6ld\u00f6n &#8212; m\u00e9giscsak j\u00f3 volt l\u00e1tni, hogy van, aki n\u00e1lunk is nyomorultabb: ehhez k\u00e9pest m\u00e9giscsak milyen j\u00f3l megvagyok\/megvagyunk. \u00c9s l\u00e1tta \u00e9l\u0151ben &#8212; nem t\u00e9v\u00e9b\u0151l &#8212; mit is jelent a t\u00f6rzsi h\u00e1bor\u00fa, a lakoss\u00e1gcsere, a tiszta nemzet\u00e1llam \u00e9s hasonl\u00f3 kedvenc KKE-szlogenek.<\/p>\n<p>F\u0151leg a fenti tapasztalatok f\u00e9ny\u00e9ben egy sz\u00e9p nap azt\u00e1n r\u00e1j\u00f6tt, hogy errefel\u00e9, ill. arrafel\u00e9 sok a hat\u00e1r, sok a nyelv, sok a ker\u00edt\u00e9s (ez ut\u00f3bbi igen fontos t\u00e1jf\u00f6ldrajzi-kult\u00farantropol\u00f3giai-mentalit\u00e1s illusztr\u00e1l\u00f3 elem!) \u00e9s \u00e1tv\u00e1gott az \u00d3ce\u00e1non. Fia, aki nagyr\u00e9szt v\u00e9gigk\u00eds\u00e9rte ezen \u00e1llom\u00e1sokon (ha nem is mindig fizikailag, de legal\u00e1bb lelkiekben, \u00e9s vil\u00e1gl\u00e1t\u00e1s\u00e1t meghat\u00e1rozand\u00f3an), azt mondta: itt m\u00e1r semmi emigr\u00e1ci\u00f3s stressz, olyan mintha egyik nagyv\u00e1rosb\u00f3l a m\u00e1sikba k\u00f6lt\u00f6zn\u00e9nk: egy \u00e9vig \u00e9rv\u00e9nyes Budapest-Toronto-retour rep\u00fcl\u0151jegy\u00fck volt.<\/p>\n<p>\u00c9s l\u0151n Kanada, a multikulturalizmus \u00e9ltanul\u00f3ja. Plusz a liber\u00e1lis kapitalizmus Amerik\u00e1t\u00f3l m\u00e1solt &#8222;korl\u00e1tlan lehet\u0151s\u00e9geivel&#8221; &#8212; \u00e1mb\u00e1tor ez ut\u00f3bbi l\u00e1tszatot r\u00f6videsen megsz\u00fcntette annak felismer\u00e9se, hogy itten nagyon szocialista-\u00edz\u0171, jelleg\u0171 \u00e1llami beavatkoz\u00e1sok \u00e9s monop\u00f3liumok rendszere d\u00edvik. S\u0151t: kommunista szlogeneket szajkoz\u00f3 szakszervezetek (sok megv\u00e1s\u00e1rolhat\u00f3 szavazat b\u00e1rmely p\u00e1rtnak, de f\u0151leg a r\u00f3zsasz\u00edn\u0171 &#8222;\u00fajdemokrat\u00e1knak&#8221;.) Kanadai \u00e9lm\u00e9nyeit az imm\u00e1r k\u00e9tszeres (visszaes\u0151?) emigr\u00e1ns az <em>Invisible Minority<\/em> c\u00edmsz\u00f3 alatt gy\u0171jt\u00f6geti &#8212; igen-igen: nyilv\u00e1nval\u00f3 replika a fetisiz\u00e1lt &#8222;visible minority&#8221; t\u00falkap\u00e1saira meg egy\u00e9b multikultur\u00e1lis agybajokra.<\/p>\n<p>De k\u00f6zben &#8212; mert a 90-es \u00e9vek m\u00e1sodik fel\u00e9ben vagyunk &#8212; elharap\u00f3dzik vil\u00e1gszerte az \u00faj kommunik\u00e1ci\u00f3s technol\u00f3gia, \u00e9s a fizikai nyilv\u00e1noss\u00e1gt\u00f3l \u00f6szt\u00f6n\u00f6sen irt\u00f3z\u00f3 &#8222;landed immigrant&#8221;, aff\u00e9le \u00fajfajta mizantr\u00f3pk\u00e9nt az internetes kult\u00fara rabj\u00e1v\u00e1 v\u00e1lik (<i>addict<\/i> &#8211; mondan\u00e1k errefel\u00e9 t\u00f6m\u00f6r egyszer\u0171s\u00e9ggel, \u00e9s mint mindenre, erre is van m\u00e1r szakosodott l\u00e9lekb\u00fav\u00e1r, aki seg\u00edtene leszokni. De nem akar, mik\u00e9nt a doh\u00e1nyz\u00e1sr\u00f3l \u00e9s a szalonn\u00e1r\u00f3l sem!)<\/p>\n<h4>2. Emigr\u00e1ns lelkivil\u00e1ga<\/h4>\n<p>Emigr\u00e1nsnak nincs semmi honv\u00e1gya, mert p\u00e9ld\u00e1ul a s\u00e1ros utc\u00e1t a tiszta aszfalt ut\u00e1n nehezen szokn\u00e1 meg \u00fajra (honv\u00e1gy &#8212; home sick &#8212; t\u00fcneteket megel\u0151zend\u0151 rendszeresen hazal\u00e1togat, nehogy a megsz\u00e9p\u00edt\u0151 messzes\u00e9g&#8230;). Saj\u00e1t szem\u00e9lyes m\u00faltj\u00e1t &#8212; \u00e9s annak bag\u00e1zs\u00e1t &#8212; emigr\u00e1ns \u00e1ltal\u00e1ban laza mozdulattal hagyja h\u00e1tra, nem sz\u00edvesen r\u00e1g\u00f3dik elm\u00falt dolgokon. Azzal vigasztalja mag\u00e1t, hogy \u0151 el\u0151re tekint, \u00e9s most m\u00e1r tudja, hogy val\u00f3sz\u00edn\u0171leg \u00f6r\u00f6k helykeres\u0151 lesz a Nagyvil\u00e1gban [nincs sz\u00e1modra hely?]. \u00c9s az internet r\u00e9v\u00e9n elkezd\u0151dik a tudathasad\u00e1sos \u00e1llapot.<\/p>\n<p>Visszamenni nem k\u00edv\u00e1n, de minden \u00e9rdekli, ami ott t\u00f6rt\u00e9nik.<br \/>\nSemmif\u00e9le szervezked\u00e9sben nem \u00f3hajt r\u00e9szt venni, de ideges\u00edti a nyilv\u00e1nval\u00f3 impotencia (inkompetencia?), amit emigr\u00e1ci\u00f3s k\u00f6r\u00f6kben l\u00e1t.<br \/>\nErd\u00e9lyr\u0151l neki az eg\u00e9sz jut esz\u00e9be, nem a rom\u00e1n \u00e9s\/vagy magyar Erd\u00e9ly, enn\u00e9lfogva magyarok is, rom\u00e1nok is bizalmatlanul kezelik. A magyarok nem szeretik, ha arra eml\u00e9kezteti \u0151ket: rom\u00e1nok is vannak Erd\u00e9lyben. A rom\u00e1nok nem szeretik, ha arra eml\u00e9kezteti \u0151ket: magyarok is vannak Erd\u00e9lyben, s\u0151t jogokat k\u00f6vetelnek.<br \/>\nMindk\u00e9t oldalon nyelv\u00e9szked\u0151 bolond\u00e9ri\u00e1j\u00e1nak tudj\u00e1k be, hogy cs\u00f6k\u00f6ny\u00f6sen hajtogatja: meg kell tanulni cig\u00e1nyul, de legal\u00e1bb is azzal illik tiszt\u00e1ban lenni, h\u00e1ny <em>roma<\/em> nyelvet besz\u00e9l az erd\u00e9lyi cig\u00e1nys\u00e1g.<\/p>\n<p>Emigr\u00e1ns a kor\u00e1bbi magyar emigr\u00e1ns k\u00f6r\u00f6ket messze \u00edvben elker\u00fcli, de az\u00e9rt figyel!<br \/>\nMinden\u00fctt van haldokl\u00f3 magyar h\u00e1z, haldokl\u00f3 magyar egyh\u00e1z, haldokl\u00f3 magyar k\u00f6z\u00f6ss\u00e9g. Tudja, hogy nem fogja szeretni, de egyetlen alkalommal \u00e1ltal\u00e1ban megn\u00e9zi ezeket. Ut\u00e1na csak \u00e9s kiz\u00e1r\u00f3lag priv\u00e1t haszn\u00e1latra \u00edrogat <em>emileket<\/em> r\u00f3la az \u00d3vil\u00e1gban maradt bar\u00e1toknak, illetve n\u00e9ha a &#8222;magyar \u00fcgyekben&#8221; tan\u00fas\u00edtott m\u00e9la undor\u00e1t megk\u00e9rd\u0151jelez\u0151 (\u00e9s persze, m\u00e9lys\u00e9gesen el\u00edt\u00e9l\u0151) emigr\u00e1nsoknak. Pedig valaha az \u00f3haz\u00e1kban tollforgat\u00f3 volt, \u00e9s valah\u00e1nyszor e t\u00e9ny kider\u00fcl, mindig be akarj\u00e1k vonni valami k\u00f6z\u00f6ss\u00e9gi &#8222;akci\u00f3ba&#8221;. \u00c9s vannak m\u0171soros estek, \u00e9s vannak eb\u00e9dek (ez j\u00f3, mert nem kell otthon f\u0151zni!)&#8230; Ilyenkor van, term\u00e9szetesen, magyar himnusz &#8212;  mi\u00e9rt ne lenne, az Isten\u00e9rt? &#8212;  elv\u00e9gre magyarok, de csak bet\u00f6r a <em>politically correct<\/em> is, teh\u00e1t akkor legyen sz\u00e9kely himnusz is, tekintettel az erd\u00e9lyiekre, \u00e9s olyan j\u00f3l lehet f\u00fajni! Csak a mez\u0151s\u00e9gi emigr\u00e1ns toporog f\u00e9lszegen, hogy akkor most velem mi legyen, maximum a fiam &#8222;f\u00e9lig sz\u00e9kely&#8221; \u00e9s sok volt bab\u00e1m tal\u00e1n eg\u00e9szen az, de \u00e9n az\u00e9rt m\u00e9gse&#8230; Mindegy. B\u00e1r sokszor fennk\u00f6lten Bart\u00f3kkal meg n\u00e9mi hazafias versezetekkel kezd\u0151dik a buli, a v\u00e9ge \u00f6r\u00f6kk\u00e9 ugyanaz: dagad\u00f3 nyaki t\u00e1j\u00e9ki erekkel b\u00f6mb\u00f6lik, hogy ne-hagy-del-veszni erd\u00e9ly-tisten\u00fcnk&#8230; Amire azt\u00e1n \u00e1ltal\u00e1ban egyetlen lehets\u00e9ges koccint\u00e1s k\u00f6vetkezhet: Vesszen Trianon, mindent vissza!<\/p>\n<p>Hm. Emigr\u00e1ns itt elbizonytalankodik (\u00e9rtsd: a bulin is meg az ut\u00f3lagos \u00e9rtelmez\u00e9s folyamat\u00e1n is), mert tudja, hogy \u00e9rz\u00e9keny, mondhatni robban\u00e1s-vesz\u00e9lyes ter\u00fcletre t\u00e9vedt. T\u00e9velygett? Ugyan mag\u00e1ban egyre ink\u00e1bb \u00fagy v\u00e9li, s\u0151t, lassan m\u00e1r k\u0151kem\u00e9ny meggy\u0151z\u0151d\u00e9se, hogy eff\u00e9le &#8222;identit\u00e1smeg\u0151rz\u0151 \u00fcnnepi rendezv\u00e9nyekkel&#8221; az idegenbe szakadt haz\u00e1nkfi\u00fak \u00e9s -l\u00e1nyok senkinek nem tesznek j\u00f3t, \u00f6nmaguknak a legkev\u00e9sb\u00e9, de az\u00e9rt annyi esze van m\u00e9g az elkoccintott borok ut\u00e1n is, hogy nem kock\u00e1ztat egy nyilv\u00e1nos lincsel\u00e9st&#8230;<br \/>\nF\u00fcst\u00f6l\u00f6g teh\u00e1t mag\u00e1ban, s\u0151t, okos \u00e9sz\u00e9rveket fogalmaz meg \u00e1ll\u00e1spontja v\u00e9delm\u00e9ben, ezeket majd az aut\u00f3ban hazafel\u00e9 vezetve el is mondogatja hangosan &#8212; mag\u00e1ban, merthogy a skizofr\u00e9n emigr\u00e1ns \u00e9vek \u00f3ta mag\u00e1nyos. P\u00e1rkapcsolatilag is.<br \/>\nVisszaes\u0151 emigr\u00e1ns teh\u00e1t megtapasztalja e nem-szeretem helyzeteket &#8222;kelett\u0151l-nyugatig&#8221;, azaz a Toronto-Vancouver tengelyen, \u00e9s \u00fagy d\u00f6nt, hogy t\u00e1vol tartja mag\u00e1t eme agybajokt\u00f3l.<\/p>\n<h4>3. Intermezzo. <\/h4>\n<p>Mik\u00f6zben harmadik \u00e1llampolg\u00e1rs\u00e1g\u00e1ra v\u00e1r (mert m\u00e9g mindig van neki rom\u00e1n is, magyar is) a tud\u00e1sszomj gy\u0151z, \u00e9s emigr\u00e1nsunk \u00f6reg fejjel be\u00fcl di\u00e1knak egy errefel\u00e9 divatos \u00e9s elv\u00e1rt Master programba. Hi\u00e1ba magyar\u00e1zza, hogy az otthoni rendszerben az \u0151 diplom\u00e1j\u00e1n\u00e1l magasabb fokozat m\u00e1r a doktor\u00e1tus lett volna, <em>Very interesting<\/em> mondj\u00e1k, \u00e9s kis\u00fctik, hogy mivel ejsze soha nem j\u00e1rt \u00e9szak-amerikai k\u00f6nyvt\u00e1rban, akkor a g\u00f3ly\u00e1kkal egy\u00fctt be kell iratkoznia egy &#8222;Eligazod\u00e1s a k\u00f6nyvt\u00e1rban&#8221; c. k\u00f6telez\u0151 kurzusra. (N.B. A campuson az egyik kisebb int\u00e9zet k\u00f6nyvt\u00e1r\u00e1ban kb. annyi k\u00f6nyv van, mint amennyit a kelet-eur\u00f3pai \u00e9rtelmis\u00e9gi emigr\u00e1ns &#8222;otthon&#8221; tartott a lak\u00e1s\u00e1ban.) No, j\u00f3, emigr\u00e1ns szorgalmas, tanulgatja a keres\u00e9si technik\u00e1kat. Kulcssz\u00f3, t\u00e9ma, oszt\u00e1lyz\u00e1si szempont: Kelet (K\u00f6z\u00e9p) Eur\u00f3pa. \u00dagyis mindig ezt mondja, ha k\u00e9rdik, honnan j\u00f6tt. \u00c9rdekes, mindig, mindenki m\u00e1shol h\u00fazza meg a hat\u00e1rokat! Skizofr\u00e9n emigr\u00e1ns lassan r\u00e1szolg\u00e1l a c\u00edm\u00e9re, mert egyre nehezebben \u00e9rti, hogy a Rajn\u00e1t\u00f3l T\u00fcrkmeniszt\u00e1nig terjed\u0151 ter\u00fclethez neki mi k\u00f6ze van. \u00c9s pl\u00e1n\u00e9, hogyan magyar\u00e1zza meg ezt az eg\u00e9szet a profnak, a t\u00f6bbieknek? Hogy az egyik nem ugyanaz? Nem ez\u00e9rt, de a st\u00fadiumokat is abbahagyja, \u00e9s v\u00e9gleg felsz\u00e1molja a t\u00e1rsadalmi kapcsolatokat.<\/p>\n<h4>4. Internet<\/h4>\n<p>De m\u00e9g mindig ott van a m\u00e1r &#8212; eml\u00e9ksz\u00fcnk! &#8212; m\u00e1ni\u00e1v\u00e1 v\u00e1lt INTERNETEZ\u00c9S. Sz\u00f6rf\u00f6l\u00e9s a neten. \u00c9s most m\u00e1r r\u00f6geszm\u00e9sen pr\u00f3b\u00e1l olyan (web)helyeket tal\u00e1lni, ahol m\u00e9g lehetne sz\u00f3lni Erd\u00e9lyr\u0151l an\u00e9lk\u00fcl, hogy k\u00e9t b\u00f6f\u00f6g\u00e9s k\u00f6zben Trianont kellene \u00e1tkozni. M\u00e9g nem tudja, hogy a cyber-mag\u00e1nyoss\u00e1g fagyos vil\u00e1ga v\u00e1r r\u00e1, mert a vil\u00e1gban sz\u00e9tsz\u00f3rt magyars\u00e1g internetes nyilv\u00e1noss\u00e1ga nem sokban k\u00fcl\u00f6nb\u00f6zik a diszn\u00f3toros vacsora hangulat\u00e1t\u00f3l. Emigr\u00e1ns l\u00e1zasan kutat j\u00f3zanabb helyek ut\u00e1n.<br \/>\nEmigr\u00e1ns szereti a t\u00f6rt\u00e9nelmet, s\u0151t, valamennyire ismeri is, de azt egyre k\u00e9ts\u00e9gbeesettebben tapasztalja, hogy minden besz\u00e9ly Erd\u00e9llyel kapcsolatban m\u00faltba tekint, m\u00falt-orient\u00e1lt. Sehol semmi a j\u00f6v\u0151r\u0151l. Nincs j\u00f6v\u0151k\u00e9p, uraim, ki\u00e1lt fel b\u00e1natosan az alagsori sz\u00e1m\u00edt\u00f3g\u00e9p mellett, de persze, senki nem v\u00e1laszol&#8230;<\/p>\n<p>Azt\u00e1n elj\u00f6n a nagy pillanat! 1999 \u0151sz\u00e9n egy Budapesten \u00e9l\u0151 ismeretlen erd\u00e9lyi ember emilben megkeresi emigr\u00e1nst, hogy kellene csin\u00e1lni egy Erd\u00e9ly\u00e9rt lobbiz\u00f3 nemzetk\u00f6zi internetes levelez\u0151list\u00e1t. Aff\u00e9le f\u00e9lig-meddig nyilv\u00e1nos agyfacsar\u00e1st. Mert az\u00e9rt nem annyira nyilv\u00e1nos, hanem z\u00e1rtk\u00f6r\u0171 (\u00e9rtsd j\u00f3v\u00e1hagy\u00e1s, megh\u00edv\u00e1s k\u00f6ll), de aki tag, az mind belebesz\u00e9lhet. Emigr\u00e1ns v\u00e9gre rem\u00e9li, h\u00e1tha nincs egyed\u00fcl ebben az agyondr\u00f3tozott vil\u00e1gban, \u00e9s eszmet\u00e1rsakat v\u00e1r a fejlem\u00e9nyekt\u0151l. De l\u00e1ssuk a t\u00e9nyeket.<\/p>\n<p><a name=\"3\"><\/a><\/p>\n<h5>A Lista.<\/h5>\n<p>F\u0151szervez\u0151 ember &#8211; nevezz\u00fck Moder\u00e1tornak &#8211; valahogy \u00f6sszeszed n\u00e9h\u00e1ny embert, emigr\u00e1ns javasol neki egy ingyenes levelez\u0151-szervert (m\u00e9giscsak van haszna a sok interneten t\u00f6lt\u00f6tt \u00f3r\u00e1nak!), \u00e9s elindul a dolog: 1999. november elej\u00e9n kb. 8 emberrel. H\u00f3nap v\u00e9g\u00e9n tal\u00e1n h\u00faszan lehetnek, de ez id\u0151 alatt m\u00e1r 166 \u00fczenetet v\u00e1ltanak.<br \/>\nJelen pillanatban<a href=\"http:\/\/istvanhorvath.com\/huma\/a-blogrol\/skizo-teszt\/4\/#2\">*<\/a> emigr\u00e1ns 65+1 f\u00fcgg\u0151, azaz j\u00f3v\u00e1hagy\u00e1sra v\u00e1r\u00f3 tagot sz\u00e1molt meg, \u00e9s \u00f6sszesen 1863 levelet.<br \/>\n(\u00dczenetek havi \u00f6sszes\u00edt\u00e9se)<\/p>\n<div font face=\"arial\" font weight=\"bold\">\n<table border=\"1\" bordercolor=\"#808080\" height=\"50%\" bgcolor=\"#c0c0c0\">\n<tr>\n<td><\/td>\n<td>Jan<\/td>\n<td>Feb<\/td>\n<td>Mar<\/td>\n<td>Apr<\/td>\n<td>May<\/td>\n<td>Jun<\/td>\n<td>Jul<\/td>\n<td>Aug<\/td>\n<td>Sep<\/td>\n<td>Oct<\/td>\n<td>Nov<\/td>\n<td>Dec<\/td>\n<\/tr>\n<tr>\n<td>2000<\/td>\n<td>111<\/td>\n<td>109<\/td>\n<td>377<\/td>\n<td>240<\/td>\n<td>114<\/td>\n<td>102<\/td>\n<td>92<\/td>\n<td>118<\/td>\n<td>94<\/td>\n<td>158<\/td>\n<td>99<\/td>\n<td>&#8211;<\/td>\n<\/tr>\n<tr>\n<td>1999<\/td>\n<td>3*<\/td>\n<td>&#8211;<\/td>\n<td>&#8211;<\/td>\n<td>&#8211;<\/td>\n<td>&#8211;<\/td>\n<td>&#8211;<\/td>\n<td>&#8211;<\/td>\n<td>&#8211;<\/td>\n<td>&#8211;<\/td>\n<td>&#8211;<\/td>\n<td>166<\/td>\n<td>80<\/td>\n<\/tr>\n<\/table>\n<\/div>\n<p><small>* Nyilv\u00e1nval\u00f3an a Y2K zavar k\u00f6vetkezm\u00e9nye: az \u00edr\u00e1sok 2000. janu\u00e1rj\u00e1ban sz\u00fclettek. Egyszer\u0171en nem \u00e1llt \u00e1t a szerz\u0151 vagy a szerver \u00f3r\u00e1ja.<\/small><\/p>\n<p>K\u00e9sz\u00fcl r\u00f6gt\u00f6n az elej\u00e9n alapszab\u00e1ly, Erd\u00e9lyr\u0151l sz\u00f3l\u00f3 ismertet\u0151, honlap &#8211; t\u00f6bbnyire kiz\u00e1r\u00f3lag a Moder\u00e1tor egyszem\u00e9lyes er\u0151fesz\u00edt\u00e9s\u00e9nek k\u00f6sz\u00f6nhet\u0151en. A t\u00f6bbnyelv\u0171 honlap ford\u00edt\u00e1s\u00e1ba n\u00e9ha beseg\u00edtenek a tagok, de nem jellemz\u0151.<\/p>\n<blockquote><p><b>C\u00c9LUNK: Munk\u00e1lkodni az erd\u00e9lyi magyars\u00e1g \u00e9rdekei\u00e9rt Magyarorsz\u00e1gon, Rom\u00e1ni\u00e1ban, Nyugat-Eur\u00f3p\u00e1ban, Amerik\u00e1ban, az eg\u00e9sz vil\u00e1gon. Azt hiszem azt nem is kell mondanom, hogy: vall\u00e1si, ideol\u00f3giai, nemi, stb. k\u00fcl\u00f6nbs\u00e9gekre val\u00f3 tekintet n\u00e9lk\u00fcl.<\/b><\/p><\/blockquote>\n<p>Hm. \u00c9s mir\u0151l vit\u00e1znak emigr\u00e1ns \u00e9s t\u00e1rsai?<br \/>\nAz els\u0151 vita a n\u00e9vr\u0151l sz\u00f3l: minek nevezzelek? Erd\u00e9lyi magyar avagy csak erd\u00e9lyi? A tagok l\u00e1tsz\u00f3lag k\u00f6nnyed\u00e9n beleegyeznek a &#8222;csak&#8221; v\u00e1ltozatba, b\u00e1r els\u0151 pillanatban senki nem gondolja v\u00e9gig, ez mit is jelent. Most \u00edgy ut\u00f3lag \u00e1ttanulm\u00e1nyozva a sz\u00f6vegeket, emigr\u00e1ns r\u00e1\u00e9bred, hogy az &#8222;erd\u00e9lyi Magyar&#8221; ellen legel\u0151sz\u00f6r felsz\u00f3lal\u00f3 dolgoz\u00f3 v\u00e9g\u00fcl is soha nem lett tagja a List\u00e1nak, csak a kezdeti korszak zavarodott technikai k\u00f6r\u00fclm\u00e9nyei k\u00f6z\u00f6tt okoskodott mag\u00e1nlev\u00e9lben a Moder\u00e1tornak. Els\u0151 nekifut\u00e1sra ilyen v\u00e1laszt kapott:<\/p>\n<blockquote class=\"emil\"><p><img loading=\"lazy\" decoding=\"async\" src=\"images\/email06.gif\" width=\"28\" height=\"21\" alt=\"\" border=\"0\"> Hogy mi\u00e9rt Erd\u00e9lyi MAGYAR Lobby? Kedves [&#8230;] te tudsz rom\u00e1nul? \u00c9n els\u0151sorban erd\u00e9lyi magyar, vagy Erd\u00e9ly ir\u00e1nt \u00e9rdekl\u0151d\u0151 hozz\u00e1sz\u00f3l\u00f3kra, partnerekre gondoltam, de term\u00e9szetesen b\u00e1rkit sz\u00edvesen l\u00e1tunk, mint ahogy \u00e9n is \u00edrtam m\u00e1r az Amerikai Magyar Lobby vagy az Amerikai Rom\u00e1n Lobby list\u00e1j\u00e1ra is. Rem\u00e9lj\u00fck, hogy egyszer l\u00e9trej\u00f6n az Erd\u00e9lyi Rom\u00e1n Lobby \u00e9s az Erd\u00e9lyi Sz\u00e1sz Lobby, stb. list\u00e1ja, \u00e9s fogunk vel\u00fck kommunik\u00e1lni, ak\u00e1r egyes\u00fclni is. <\/p><\/blockquote>\n<p>Innen azt\u00e1n hirtelen egy \u00e9les kanyart vesz a dolog, mert megesik a n\u00e9vv\u00e1ltoz(tat)\u00e1s. Ez m\u00e9g hihetetlen k\u00f6nnyeds\u00e9ggel k\u00f6vetkezik be:<\/p>\n<blockquote class=\"emil\"><p><img loading=\"lazy\" decoding=\"async\" src=\"images\/email06.gif\" width=\"28\" height=\"21\" alt=\"\" border=\"0\"> Szerintem lehet &#8222;Erdelyi Lobby&#8221;, de azt kerem, maradjon magyarnyelvu. Majd ha tobbnyelvu lesz, akkor valamit kidolgozunk. Erre a velemenyre az onallo-autonom Erdelyi Fejedelemsegre gondolok, annak a szellemeben<\/p><\/blockquote>\n<blockquote class=\"emil\"><p><img loading=\"lazy\" decoding=\"async\" src=\"images\/email06.gif\" width=\"28\" height=\"21\" alt=\"\" border=\"0\"> Tamogatom a nevcsere javaslatot<\/p><\/blockquote>\n<blockquote class=\"emil\"><p><img loading=\"lazy\" decoding=\"async\" src=\"images\/email06.gif\" width=\"28\" height=\"21\" alt=\"\" border=\"0\"> Csatlakozom [&#8230;] volt politikai fogoly tarsam tamogatasahoz. Magyaros szeretettel<\/p><\/blockquote>\n<blockquote class=\"emil\"><p><img loading=\"lazy\" decoding=\"async\" src=\"images\/email06.gif\" width=\"28\" height=\"21\" alt=\"\" border=\"0\"> Szerintem, ennyi: &#8222;Erdely&#8221;, elegseges. Azt, hogy magyar, kifejezi a<br \/>\nszo. A &#8222;lobby&#8221;, magyartalan<\/p><\/blockquote>\n<p>Emigr\u00e1ns is t\u00e1mogatja a n\u00e9vcser\u00e9t, s\u0151t azt is mondja, hogy ha nevet v\u00e1ltoztatunk, akkor vissza kell menni az eredeti felh\u00edv\u00e1s <u>C\u00e9lunk<\/u> c. r\u00e9szlet\u00e9hez. Csak eml\u00e9keztet\u0151\u00fcl:<\/p>\n<p><em>C\u00c9LUNK: Munk\u00e1lkodni az erd\u00e9lyi <b>magyars\u00e1g<\/b> \u00e9rdekei\u00e9rt&#8230;, <\/em><\/p>\n<p>de senki nem \u00e9rz\u00e9keli igaz\u00e1n a s\u00faly\u00e1t a javaslatnak, mert ezt kapja (cinkos) v\u00e1laszul:<\/p>\n<blockquote class=\"emil\"><p><img loading=\"lazy\" decoding=\"async\" src=\"images\/email06.gif\" width=\"28\" height=\"21\" alt=\"\" border=\"0\"> A c\u00e9l marad, csak a n\u00e9v lenne jobban elfogadhat\u00f3 &#8222;m\u00e1sok&#8221; sz\u00e1m\u00e1ra is. De err\u0151l m\u00e9g besz\u00e9lj\u00fcnk, v\u00e1rjuk meg m\u00e1sok v\u00e9lem\u00e9ny\u00e9t is&#8230;<\/p><\/blockquote>\n<p>M\u00e1sok sokkal \u00e1rtatlanabbul gondolkodnak &#8212;<\/p>\n<blockquote class=\"emil\"><p><img loading=\"lazy\" decoding=\"async\" src=\"images\/email06.gif\" width=\"28\" height=\"21\" alt=\"\" border=\"0\"> Az Erd\u00e9lyi Lobby szerintem is legyen magyar. Azonban ne z\u00e1rjuk ki a magyarul kev\u00e9sb\u00e9 boldogul\u00f3 tagokat sem. \u00c9ppen ez\u00e9rt javasoln\u00e1m, hogy a m\u00e1s nyelv\u0171 leveleket, hozz\u00e1sz\u00f3l\u00e1sokat valaki ford\u00edtsa le magyarra is &#8211; ezzel \u00f6nmagunkat is megbecs\u00fcln\u00e9nk. K\u00fcl\u00f6nben, hogy v\u00e1rhatjuk el m\u00e1sokt\u00f3l, hogy a magyar nyelvet megbecs\u00fclj\u00e9k, ha mi magunk sem tessz\u00fck. Erd\u00e9lyben a k\u00e9tnyelv\u0171 feliratok\u00e9rt is harcolni kell.<\/p><\/blockquote>\n<p>J\u00f6n erre faramuci v\u00e1lasz is, amibol emigr\u00e1ns r\u00f6gt\u00f6n tudja, hogy az 56-osok is megjelentek a list\u00e1n (ami \u00f6nmag\u00e1ban nem baj, de hozz\u00e1k a cs\u0151l\u00e1t\u00e1sukat is):<\/p>\n<blockquote class=\"emil\"><p><img loading=\"lazy\" decoding=\"async\" src=\"images\/email06.gif\" width=\"28\" height=\"21\" alt=\"\" border=\"0\"> Ez egy jo otlet. De ne forditsatok le ha valaki az erdelyi listara zavart keltes celbol a Magyarsag elleni ellenseges E-mailt kuld. Nem szemelyek ellenit ertettem, mert jo megtudni, hogy ott Erdelyben is ki volt besugo, parttitkar, a politikai rendorseg embere, politikai tiszt, vagy &#8222;a magyar pufajkasokkal&#8221; egyenlo fegyveres erok tagja.<\/p><\/blockquote>\n<p><br \/>\nEkkor m\u00e1r emigr\u00e1ns \u00e9rzi, hogy fogalomtiszt\u00e1z\u00e1sra van sz\u00fcks\u00e9g, \u00e9s a lista 41. \u00fczenet\u00e9ben ezt \u00edrja (r\u00f6vid\u00edtett sz\u00f6veg):<\/p>\n<blockquote class=\"emil\"><p><img loading=\"lazy\" decoding=\"async\" src=\"images\/email06.gif\" width=\"28\" height=\"21\" alt=\"\" border=\"0\"><br \/>\nSubject: Hangosan gondolkodom&#8230;<\/p>\n<p>Kedves Lista!<\/p>\n<p>Ha j\u00f3l sz\u00e1molom, m\u00e9g egy hete sincs, hogy elindult a tapogatoz\u00f3 ismerked\u00e9s ezen a (lobby)list\u00e1n. Egyel\u0151re a legnagyobb eredm\u00e9nynek azt k\u00f6nyveln\u00e9m el, hogy &#8211; sok m\u00e1s internetes vitaf\u00f3rummal ellent\u00e9tben &#8211; itt rendk\u00edv\u00fcl civiliz\u00e1ltan cser\u00e9l\u0151dik az eszme&#8230; Nem akarom a Moder\u00e1tor el\u0151l elenni a kenyeret, de n\u00e9h\u00e1ny gondolatomat k\u00f6zreadn\u00e1m, a st\u00edluson t\u00fal is. [&#8230;]\n<p>1. Egy nyelv(\u00e9szet)i k\u00e9rd\u00e9s. Lobby (net\u00e1n lobbi) avagy sem? [&#8230;]\n<p>2. Egy \u00e1l-nyelvi k\u00e9rd\u00e9s. M\u00e9g mindig a c\u00edmn\u00e9l &#8211; magyar vagy nem magyar&#8230; Itt sajnos t\u00f6bb f\u00e9lre\u00e9rt\u00e9s keletkezett m\u00e1r.<\/p>\n<p>2.1. A Lista nyelve. Az \u00e9n olvasatomban eddig fel sem mer\u00fclt az a k\u00e9rd\u00e9s, vajon milyen nyelven kommunik\u00e1ljunk ezen a list\u00e1n, de furam\u00f3d v\u00e1lasz m\u00e1r ad\u00f3dott r\u00e1. Miszerint legyen magyar, ill. ford\u00edtsuk le a m\u00e1snyelv\u0171 hozz\u00e1sz\u00f3l\u00e1st stb. Van nekem is v\u00e1laszom erre a meg nem fogalmazott k\u00e9rd\u00e9sre, de majd k\u00e9s\u0151bb.<\/p>\n<p>2.2. N\u00e9v. Erd\u00e9lyi Lobby avagy Erd\u00e9lyi Magyar Lobby? L\u00e1tsz\u00f3lag b\u00e9k\u00e9sen megegyezt\u00fcnk ebben a k\u00e9rd\u00e9sben is, pedig a dolog m\u00e9lyebb elemz\u00e9st is meg\u00e9rdemelt volna. Mivel felt\u00e9telez\u00e9sem szerint a Lobby \u00e9s a Lista Erd\u00e9ly J\u00d6V\u0150J\u00c9VEL szeretne foglalkozni (sz\u00f3ljatok, ha nem \u00edgy van!!!), a n\u00e9vv\u00e1laszt\u00e1sban\/n\u00e9vad\u00e1sban kicsit &#8211; prefer\u00e1lt &#8211; j\u00f6v\u0151k\u00e9p\u00fcnk is benne van. Magyar\u00e1n: t\u00f6bb hozz\u00e1sz\u00f3l\u00e1s mintha arra utalt volna, hogy Erd\u00e9ly j\u00f6v\u0151j\u00e9t NEM egy Nagy Magyar \u00c1lom r\u00e9szek\u00e9nt k\u00e9pzelik el. Ha pedig nem, akkor a jelenlegi helyzetb\u0151l kivezet\u0151 lehets\u00e9ges kiutak (fokozatok): auton\u00f3mia, f\u00f6deraliz\u00e1l\u00e1s, f\u00fcggetlens\u00e9g. Sz\u00e1momra ezt jelentette a n\u00e9vm\u00f3dos\u00edt\u00e1s &#8211; \u00e9s ez\u00e9rt \u00e9rtettem egyet.<\/p>\n<p>2.3. Amennyiben a fenti t\u00e9telez\u00e9s igaz, akkor annak folyom\u00e1nyai vannak!<\/p>\n<p>2.3.1. Szembe kell n\u00e9zni azzal a t\u00e9nnyel, hogy az eml\u00edtett fokozatok egyike sem val\u00f3s\u00edthat\u00f3 meg az erd\u00e9lyi rom\u00e1nok n\u00e9lk\u00fcl. Nem Bukarest! az erd\u00e9lyiek, mondom. Igen gyakran tapasztalom, hogy amikor magyarul besz\u00e9l\u0151 emberek Erd\u00e9ly &#8211; teszem azt &#8211; f\u00fcggetlens\u00e9g\u00e9t sz\u00f3ba hozz\u00e1k, tulajdonk\u00e9ppen egy &#8222;magyar&#8221; Erd\u00e9lyre gondolnak, ahonnan valami csoda majd eltunteti a rom\u00e1nokat&#8230;<\/p>\n<p>2.3.2. Hetven \u00e9ve pr\u00f3b\u00e1lt\u00e1k\/pr\u00f3b\u00e1ltuk MAGYAR S\u00c9RELMI POLITIKAK\u00c9NT eladni, elfogadtatni, megolda(t)ni Erd\u00e9ly k\u00e9rd\u00e9s\u00e9t. Nem ment. (Ha ment volna, most nem lenne sz\u00fcks\u00e9g erre a list\u00e1ra.) Mi lenne, ha ez\u00fattal m\u00e1sk\u00e9ppen &#8211; region\u00e1lis f\u00fcggetlens\u00e9gi k\u00f6vetel\u00e9s  [&#8230;] form\u00e1j\u00e1ban \u00e1lln\u00e1nk a vil\u00e1g el\u00e9??? Ann\u00e1l is ink\u00e1bb, mert most m\u00e1r az erd\u00e9lyi rom\u00e1ns\u00e1g \u00e9rtelmesebbje is kezd erre gondolni  [&#8230;]\n<p>2.3.3. Ehhez viszont teljesen \u00fajfajta strat\u00e9gi\u00e1ra, m\u00e1sfajta dokument\u00e1ci\u00f3ra, a s\u00e9relmi politik\u00e1ban nem haszn\u00e1latos \u00e9rvekre, \u00e9s m\u00e1s partnerekre van sz\u00fcks\u00e9g. Csak \u00fagy mell\u00e9kesen pl. a rom\u00e1n-magyar-n\u00e9met nyelv\u0171 &#8222;keleti&#8221; Sv\u00e1jcot felejtsd el, hiszen n\u00e9met alig akad m\u00e1r, de ott lesz\/van harmadik nyelvk\u00e9nt a cig\u00e1ny!!!<\/p>\n<p>2.3.4. Na, most akkor mit sz\u00f3ltok, hogyan kellene kin\u00e9znie annak a [&#8230;moderator] \u00e1ltal elk\u00e9pzelt, meg\u00e1lmodott inform\u00e1ci\u00f3s anyagnak? Mondjuk a fentiek f\u00e9ny\u00e9ben.<\/p>\n<p>2.4. Itt \u00e9s \u00edgy kanyarodn\u00e9k vissza a val\u00f3di nyelvi k\u00e9rd\u00e9shez: ezek ut\u00e1n megszabhatjuk-e, hogy milyen nyelv a k\u00f6telez\u0151? Persze tudom, szinte mindenki eset\u00e9ben a t\u00e9nyleges nyelvtud\u00e1s (ill. hi\u00e1nya) szab hat\u00e1rt a &#8222;toleranci\u00e1nak&#8221;, de&#8230; \u00d3vatosan ez\u00e9rt \u00fagy fogalmazn\u00e9k: a lista jelenlegi munkanyelve a magyar, \u00e1m nem z\u00e1rk\u00f3zunk el m\u00e1s nyelvekt\u0151l sem.<\/p>\n<p>3. Gondolom egy\u00e9rtelm\u0171 ezek ut\u00e1n, hogy elegend\u0151 nek\u00fcnk &#8222;csak&#8221; az erd\u00e9lyi k\u00e9rd\u00e9ssel foglalkozni. Nem elz\u00e1rk\u00f3z\u00e1s ez, hanem a l\u00e9nyegre val\u00f3 koncentr\u00e1l\u00e1s. Lehet, hogy m\u00e1s ter\u00fcletek sz\u00e1m\u00e1ra is ez vagy hasonl\u00f3 a j\u00e1rhat\u00f3 \u00fat, lehet hogy nem. Nem tudom &#8211; \u00e9s ez\u00e9rt erd\u00e9lyik\u00e9nt nem is akarok helyett\u00fck, nev\u00fckben sz\u00f3lni. El\u00e9g nekem a magam baja \ud83d\ude42<\/p>\n<p>4. Erd\u00e9lyben sz\u00fcletett, magyarul besz\u00e9l\u0151, k\u00f6z\u00e9p-eur\u00f3pai mentalit\u00e1s\u00fa &#8222;wilagwandor&#8221;-nak tekintem magam&#8230; L\u00e9nyegtelen, hogy most \u00e9ppen hol. Minden\u00fctt ugyanazt az \u00e1lmot d\u00e9delgetem. \u00c9S TI???<br \/>\n\u00dcdv mindenkinek, \u00e1ld\u00e1s, b\u00e9kess\u00e9g! <\/p><\/blockquote>\n<p>Az\u00f3ta emigr\u00e1ns a f\u00fcggetlens\u00e9g helyett ink\u00e1bb auton\u00f3mi\u00e1t mondana, mert sokat olvassa a <a href=\"http:\/\/provincia.ro\" target=\"_blank\" onMouseOver=\"window.status='Provincia'; return true;\" onMouseOut=\"window.status=''; return true;\" title=\"Provincia\" class=\"folyo\">Provinci\u00e1t<\/a>, de ez mindegy, mert term\u00e9szetesen, j\u00f3form\u00e1n semmi reag\u00e1l\u00e1s nem \u00e9rkezik az eszmefutamra. \u00c1m n\u00e9h\u00e1nyan cs\u00f6k\u00f6ny\u00f6sen kitartanak &#8222;\u00f6sszmagyar&#8221; vessz\u0151parip\u00e1ik mellett.<\/p>\n<blockquote class=\"emil\"><p><img loading=\"lazy\" decoding=\"async\" src=\"images\/email06.gif\" width=\"28\" height=\"21\" alt=\"\" border=\"0\"> Gondolkodtam a cimvaltozasokon (pl. a &#8222;lobby&#8221;-t kicserelni magyar szora.<br \/>\nProblemam az, hogy a lista kizarolag erdelyi, vagy a tobbi elszakitott<br \/>\nteruletek problemaival is foglalkozik, illetve lobbizik erdekukben?<br \/>\nAmennyiben igen, lehetne &#8222;Karpatmedence&#8221; lobbira valtoztatni? Persze a<br \/>\nlogikus nev &#8222;anti-Trianon&#8221; lenne, de nyilvanvalo okokbol, ezt nem<br \/>\njavasolnam.<\/p><\/blockquote>\n<blockquote class=\"emil\"><p><img loading=\"lazy\" decoding=\"async\" src=\"images\/email06.gif\" width=\"28\" height=\"21\" alt=\"\" border=\"0\"> En nem vagyok semmi jonak az elrontoja, de ha Erdelyrol akarunk Lobby-zni akkor logikusan nem lehet az egesz Karpatmedencerol beszelni. Ha pedig a Karpat medencerol akarunk Lobbyzni akkor azt ne hivjuk Erdelyi-nek. \tEn szerintem jobb ha valaki a karpatmedencet szetvalasztva Erdely-i, Felvidek-i, Karpatalja-i es Delvidek-i Lobbit vezet, mert a sorskerdesek azokon a helyeken nem azonosak. Talan tevedek. Tobbseg dontson<\/p><\/blockquote>\n<blockquote class=\"emil\"><p><img loading=\"lazy\" decoding=\"async\" src=\"images\/email06.gif\" width=\"28\" height=\"21\" alt=\"\" border=\"0\"> En is fontosnak tartottam a karpatmedencet is belevenni, ha Ti is bele egyeztek. Azonban ha mi Karpat medencet irunk akkor geografiai pontossaggal a Delvidek es Burgenland nem esne bele. Ha pedig a Karpat &#8211; Duna -Dravanak hivnank akkor a azok a magyar szarmazasuak nem lenenek bele akik ezen teruleten kivul esnek, mint peldaul a Csango magyarok, vagy a Kazahasztan-i magyarok akikrol keveset lehet hallani. Fel kell kutatnunk a Sziberiaba elhurcolt magyarokat is es azok helyzeten is segiteni. Tehat ha mindenkit bele akarunk venni, meg az anya orszagot is akkor viszont talan jo lenne :   OSSZMAGYARSAG LOBBYNAK NEVEZNI. Gondolkozzatok rajta. En ahogy mondtam semmihez nem ragaszkodom, csak javasolok.<\/p><\/blockquote>\n<p>Moder\u00e1tor is \u00e9szbekap egy id\u0151 ut\u00e1n, \u00e9s siet kijelenteni:<\/p>\n<blockquote class=\"emil\"><p><img loading=\"lazy\" decoding=\"async\" src=\"images\/email06.gif\" width=\"28\" height=\"21\" alt=\"\" border=\"0\"> Kedves bar\u00e1taim!<\/p>\n<p>Elm\u00falasztottam megtenni az ind\u00edt\u00f3 felh\u00edv\u00e1sban, \u00edgy most megteszem.<\/p>\n<p>Mi is a lobbiz\u00e1s?<\/p>\n<p>Szervezett munka els\u0151sorban d\u00f6nt\u00e9shoz\u00f3k, de nem utols\u00f3sorban a k\u00f6zv\u00e9lem\u00e9ny meggy\u0151z\u00e9s\u00e9re, befoly\u00e1sol\u00e1s\u00e1ra, az\u00e9rt, hogy egy bizonyos c\u00e9l \u00e9rdek\u00e9ben tegyenek vagy ne tegyenek valamit.<br \/>\nMi teh\u00e1t f\u0151leg k\u00e9r\u00fcnk, \u00e9s nem adunk. Azaz adunk is, k\u00f6zvetlen\u00fcl, \u00e1tt\u00e9telesen, annak a k\u00f6z\u00f6ss\u00e9gnek, amely\u00e9rt tev\u00e9kenyked\u00fcnk.<\/p>\n<p>Az Erd\u00e9lyi Lobby jelenlegi c\u00e9lja Erd\u00e9ly k\u00f6zigazgat\u00e1si, gazdas\u00e1gi auton\u00f3mi\u00e1j\u00e1nak kiv\u00edv\u00e1sa a rom\u00e1n \u00e1llam alkotm\u00e1nyos keretein bel\u00fcl.<\/p>\n<p>Ha ezt a c\u00e9lt el\u00e9rt\u00fck, akkor az auton\u00f3m Erd\u00e9ly \u00e9rdekei\u00e9rt fogunk tov\u00e1bb k\u00fczdeni.<\/p>\n<p>\u00dcdv\u00f6zlettel: <\/p><\/blockquote>\n<p>De m\u00e1r szinte minden hi\u00e1ba. Emigr\u00e1ns m\u00e9g kap egyszer egy pozit\u00edv visszajelz\u00e9st hosszas d\u00f6rgedelm\u00e9re: <i>Analizised es distinkcioid  nagyon erdekesek.<\/i> \u00c1m ugyanannak az  \u00fczenetnek a folytat\u00e1sa m\u00e1r elkeser\u00edt\u0151:<\/p>\n<blockquote class=\"emil\"><p><img loading=\"lazy\" decoding=\"async\" src=\"images\/email06.gif\" width=\"28\" height=\"21\" alt=\"\" border=\"0\"> Ha igy nezzuk a dolgot, es reszletesen belemegyunk az Erdelyi problema megoldasaba, akkor valoban az Erdely cim alkalmas, De akkor javasolnam, hogy a masik teruletek is allitsanak fel egy listat. Viszont akkor kellene egy osszefogo lista azokkal a problemakkal foglalkozni, amelyek kozosek mindnegy terulet magyarsaganak. Vagy egy altalanos listan belul al-problemakorok? Mit szoltok hozza? Nem leven erdelyi (Dunantul szulottje vagyok) nekem egyforman kedves es fontos mind a negy terulet, sot, meg Burgenlandot is szeretnem bekapcsolni, ahol a magyarsag valoban kiveszoben van.<\/p><\/blockquote>\n\n<h4>5. Ut\u00f3\u00e9let<\/h4>\n<p>Emigr\u00e1ns magyar\u00e1zkod\u00e1sa. Nem az az elkeser\u00edt\u0151, hogy vannak magyarok a nagyvil\u00e1gban, akik a Magyarorsz\u00e1g hat\u00e1rain k\u00edv\u00fcl \u00e9l\u0151 &#8212; k\u00f6zhaszn\u00fa sz\u00f3val: hat\u00e1ront\u00fali &#8212; magyarok \u00fcgyeivel, jogs\u00e9relmeivel, probl\u00e9m\u00e1ival akarnak foglalkozni. Emigr\u00e1ns att\u00f3l lett szomor\u00fa \u00e9s skizofr\u00e9n, hogy mivel olyan weblap, lista, szervezet van ezernyi, azt hitte, ez M\u00c1S lesz, ez az \u0151\u00e1ltala elk\u00e9pzelt k\u00f6z\u00f6s Erd\u00e9ly \u00fcgy\u00e9t fogja felv\u00e1llalni, propag\u00e1lni.<br \/>\nPersze m\u00e1r kor\u00e1bban l\u00e1thatta volna, hogy ez sem az igazi, de mivel rem\u00e9nykedni szeretett volna, ink\u00e1bb szemet h\u00fanyt. Nem is igaz\u00e1n \u00edgy helyes, hiszen nem sz\u00e1nd\u00e9kos volt a &#8222;f\u00e9lretekint\u00e9s&#8221;, sokkal ink\u00e1bb az a j\u00f3l ismert automatizmus m\u0171k\u00f6d\u00f6tt, amikor nem vesz\u00fcnk tudom\u00e1st arr\u00f3l, amit nem szeret\u00fcnk, amit nem akarunk megl\u00e1tni, meghallani stb.<br \/>\nMerthogy emigr\u00e1ns is csak gyarl\u00f3 ember, akkor mag\u00e1r\u00f3l ezt nem vette \u00e9szre, de m\u00e1sokn\u00e1l r\u00f6gt\u00f6n felfigyelt r\u00e1. Arra, hogy nem akarj\u00e1k meghallani k\u00e9ts\u00e9gbeesett ki\u00e1lt\u00e1s\u00e1t Erd\u00e9ly\u00e9rt.<br \/>\nMert a n\u00e9vv\u00e1ltoz\u00e1s semmi \u00fajat nem hozott, tov\u00e1bbra is mindenki vad\u00e1szta a nemzetk\u00f6zi m\u00e9di\u00e1ban, a rom\u00e1n h\u00edrekben \u00e9s egyeb\u00fctt &#8222;v\u00e9reink&#8221; szenved\u00e9seit, gyorsan j\u00f3t\u00e9konykodtak is egy cseppet (gy\u00f3gyszer kellett egy vajdas\u00e1gi n\u00e9ninek&#8230;), szavaztak &#8212; 11-en &#8212; hogy ki is legyen az MVSZ \u00faj eln\u00f6ke, \u00e9s akartak sz\u00e1m\u00edt\u00f3g\u00e9pes (magyar) nyelvet \u00faj\u00edtani. Ez ut\u00f3bbin hetekig j\u00f3l elcs\u00e1mcsogtak, mert nem sz\u00fcletett egyezs\u00e9g arr\u00f3l, hogy mi a sz\u00e1mol\u00f3g\u00e9p meg a sz\u00e1m\u00edt\u00f3g\u00e9p k\u00f6zti k\u00fcl\u00f6nbs\u00e9g, \u00e9s m\u00e1r-m\u00e1r vereked\u00e9ss\u00e9 fajult a dolog. Azt\u00e1n az is felvet\u0151d\u00f6tt, hogy legyen Erd\u00e9lyben a hivatalos nyelv az angol, ezzel, ugye, j\u00f3l megker\u00fclhet\u0151 lenne a rom\u00e1n vagy a magyar szuprem\u00e1ci\u00e1ja hivatalokban, sz\u00f3val j\u00f3l elsz\u00f3rakoztak a tagok. N\u00e9ha feled\u00e9keny \u00f6regurak priv\u00e1t jelleg\u0171 \u00fczeneteiket k\u00fcldt\u00e9k fel &#8212; hi\u00e1ba na, sok gond van azzal a rengeteg gombbal ott a g\u00e9pen meg a k\u00e9perny\u0151n&#8230;<br \/>\n\u00c9s \u00edgy teltek a h\u00f3napok.<\/p>\n<p>M\u00e9g egyetlen egyszer l\u00e1ngol fel \u00e9rdembeni vita: arr\u00f3l, hogy mi is az eg\u00e9sznek a c\u00e9lja. \u00dagy kezd\u0151d\u00f6tt, hogy valaki bedobta, hogy bezzeg a cig\u00e1nyok, mindenf\u00e9le NGO-juk m\u0171k\u00f6dik \u00e9s panaszkodik az EU-n\u00e1l, m\u00edg a t\u00f6ketlen magyars\u00e1g erre is k\u00e9ptelen. Nem pont \u00edgy, de \u00edgy kellett \u00e9rteni.<br \/>\nEmigr\u00e1ns ekkor m\u00e1r r\u00e9g letett arr\u00f3l, hogy <b>erd\u00e9lyi<\/b>  legyen a lista, gondolta, legal\u00e1bb ezt a jogv\u00e9d\u0151 iz\u00e9t meg kellene csin\u00e1lni &#8212; \u00e9s j\u00f3l. Megint belesz\u00f3lt, k\u00e9rdezv\u00e9n, hogy <u>Minek vagyunk?<\/u>, amib\u0151l lett s\u00e9rt\u0151d\u00e9s, morg\u00e1s, harag. S\u0151t, van akin\u00e9l \u00f6r\u00f6k harag.<\/p>\n<p>Azt\u00e1n m\u00e1r csak a csendes s\u00fcllyed\u00e9s. Be-bekukkantott egy-egy \u00f6nmag\u00e1t ny\u00edltan revizionist\u00e1nak vall\u00f3 rasszista, s csod\u00e1lkozott ha elkergett\u00e9k, (mert az\u00e9rt m\u00e9g ott nem tartunk!), j\u00f6ttek cs\u0151st\u0171l a m\u00e9teres \u00fajs\u00e1gid\u00e9zetek, h\u00edrek, h\u00edrek, h\u00edrek&#8230; (Select, Copy, Paste), v\u00e9g\u00fcl m\u00e1r azt is megszavazta a t\u00e1rsas\u00e1g, hogy egy sv\u00e9dorsz\u00e1gi h\u00edrszolg\u00e1lat (magyar) h\u00edrleveleit vegy\u00fck fel a tagok k\u00f6z\u00e9, \u00edgy m\u00e1r szinte senkinek nem kellett \u00edrni, olvasni meg minek&#8230;<\/p>\n<p>J\u00f6ttek nagyvil\u00e1gi, t\u00e1n kir\u00e1lyi arisztokrat\u00e1k (pedigr\u00e9j\u00fcket nem firtattuk&#8230;) \u00e9s leereszked\u0151 manifesztumokat eresztettek meg naponta a misera plebs contribuens-nek.<\/p>\n<p>J\u00f6ttek hallgatag jelentkez\u0151k, akik &#8211; okosak l\u00e9v\u00e9n &#8211; 3 nap ut\u00e1n tov\u00e1bb \u00e1lltak.<\/p>\n<p>J\u00f6ttek n\u00f3torius keresztbe k\u00f6zl\u0151k (cross posting), akik egy &#8212; t\u00e1voli &#8212; lista \u00e9rdektelen \u00fczenet\u00e9re sz\u00e1nt v\u00e1laszukat minden el\u00e9rhet\u0151 c\u00edmre elk\u00fcldt\u00e9k. Ekk\u00e9ppen gyan\u00fatlan dolgoz\u00f3k sz\u00e1zai kaptak \u00e9rthetetlen e-maileket, amire felh\u00e1borod\u00e1sukban megnyomj\u00e1k a Reply All c. gombot, \u00e9s vissza\u00edrnak ugyanannak a sok sz\u00e1z embernek, hogy hagyjanak engem b\u00e9k\u00e9n&#8230; Olyan, mint a lavina.<\/p>\n<p>\u00c9s fogyott a lista. Aki maradt &#8211; hallgatott.<\/p>\n<p>V\u00e9gj\u00e1t\u00e9k gyan\u00e1nt Emigr\u00e1ns ki lett nevezve, fel lett k\u00e9rve (t\u00e1rs)Moder\u00e1tornak. Ha m\u00e1r annyit pof\u00e1zik, csin\u00e1ljon is valamit.<\/p>\n<h4>6.V\u00e9gj\u00e1t\u00e9k<\/h4>\n<p>Legut\u00f3bbi \u00e9rtelmes h\u00edr az volt a list\u00e1n, hogy Sabin Gherman\u00e9k ProTransylvania alap\u00edtv\u00e1ny\u00e1t t\u00f6rv\u00e9nytelennek nyilv\u00e1n\u00edtott\u00e1k Rom\u00e1ni\u00e1ban.<\/p>\n<p>Emigr\u00e1ns ezt elk\u00fcldte, szaksz\u00f3val forwardolta &#8212; mag\u00e1nlev\u00e9lk\u00e9nt &#8212; huszonvalah\u00e1ny ismer\u0151snek. Egyik\u00fck, egy elbelg\u00e1sult szatm\u00e1ri rom\u00e1n n\u0151, nemcsak vissza\u00edrt a r\u00e9g elveszettnek hitt emigr\u00e1nsnak, de a tov\u00e1bb\u00edtott lev\u00e9l alj\u00e1n tal\u00e1lhat\u00f3 webc\u00edmet is meg akarta n\u00e9zni. Nehezen j\u00f6tt be, gyorsan \u00edrt egy levelet az &#8222;owner&#8221;-nek, amib\u0151l, persze, emigr\u00e1ns is kapott egy p\u00e9ld\u00e1nyt, mint ko-moder\u00e1tor. Vigyorogva jelzett vissza, mire s\u0171r\u0171 lev\u00e9lv\u00e1lt\u00e1s k\u00f6vetkezett, kider\u00fclt az erd\u00e9lyi konszociat\u00edv demokr\u00e1cia h\u00edvei lenn\u00e9nek, b\u00e1r ezt a sz\u00f3t soha nem haszn\u00e1lt\u00e1k, \u00e9s a h\u00f6lgy m\u00e1r-m\u00e1r k\u00e9sznek mutatkozott a moder\u00e1tori j\u00f3v\u00e1hagy\u00e1st k\u00e9rni a feliratkoz\u00e1shoz (o sa am pile?).<\/p>\n<p>Emigr\u00e1ns ekkor hirtelen belegondolt az elm\u00falt hetek, h\u00f3napok k\u00f6zlem\u00e9nyeibe, a hangnembe, mindenbe, \u00e9s t\u00f6redelmesen bevallotta, hogy nem aj\u00e1nlja a feliratkoz\u00e1st. S\u0151t, \u00fagy d\u00f6nt\u00f6tt mag\u00e1ban, hogy soha nem hagyn\u00e1 azt j\u00f3v\u00e1, mert sz\u00e9gyelln\u00e9 a list\u00e1t a lelkes rom\u00e1n n\u0151 el\u0151tt.<\/p>\n<p>Sz\u00e9gyelln\u00e9 mag\u00e1t akkor is, ha egy ny\u00edltan &#8222;Vesszen Trianon&#8221;-t\u00edpus\u00fa lista moder\u00e1tora orvul feliratkozna a mi list\u00e1nkra, onnan lelopn\u00e1 az email-c\u00edmeket (sajnos a technika olyan, hogy megteheti, \u00e9s m\u00e1r tett\u00e9k is meg), \u00e9s mindenkinek k\u00fclden\u00e9 az eff\u00e9le agyr\u00e9meit:<\/p>\n<blockquote class=\"emil\"><p><img loading=\"lazy\" decoding=\"async\" src=\"images\/email06.gif\" width=\"28\" height=\"21\" alt=\"\" border=\"0\"> Erdelyi Magyar Nemzettarsak!<br \/>\n<br \/>Tehat a BRUTALIS roman gyarmati elnyomas amely alatt szenvedtek az ENSZ<br \/>\nhatarozataiba utkozik!  Nektek jogotok van MAGYARORSZAGHOZ csatlakozni<br \/>\nbekesen!<br \/>\nA ROMAN ELNYOMOKNAK NINCS JOGUK BENNETEKET ELNYOMAS ALATT TARTANI!<\/p>\n<p>Trianon erre nem jogositotta fel oket. Trianon nem is ervenyes mert megszegtek igereteiket szazszor es ezerszer! Fel a bekes egyesites harcara!  Vesszen Trianon!  Vesszen a roman elnyomas! Bihar, Szatmar, Szilagy, Kolozs, Maros, Hargita, es Kovaszna megyek Magyarorszaghoz tartoznak!<br \/>\n<br \/>ENSZ Nepszavazast!<\/p><\/blockquote>\n<p>Mindezt valahonnan Amerik\u00e1b\u00f3l, \u00e9s meg van gy\u0151z\u0151ve, hogy nemesen j\u00f3 \u00fcgyet szolg\u00e1l.<\/p>\n<p>Ez volt az a pillanat, amikor emigr\u00e1ns elkezdte megfogalmazni lemond\u00f3 level\u00e9t ko-Moder\u00e1tork\u00e9nt, tagk\u00e9nt \u00e9s egyszer\u0171, mezei erd\u00e9lyi magyark\u00e9nt. Az els\u0151 kett\u0151 egyszer\u0171 volt. \u00c9s kitart\u00f3an p\u00e1ly\u00e1z \u00fajabb szeretetszolga-\u00e1ll\u00e1sokat, rem\u00e9lve, hogy olyan helyre k\u00fcldik, ahol nincs internet.<br \/>\nA fogalmaz\u00e1ssal elb\u00edbel\u0151d\u00f6tt m\u00e9g annyi ideig, amennyi sz\u00fcks\u00e9ges volt ahhoz, hogy a fentebbi id\u00e9zeteket kim\u00e1solja&#8230; Befejez\u00e9snek is tal\u00e1lt egy igen der\u00e9k mondatot valahonnan a lista elej\u00e9r\u0151l:<\/p>\n<p><b>Lobbizni azt jelenti, hogy valakinek vagy valaminek az erdekeben eljarunk hivatalos szerveknel.   Ha ezt az olvaso tagok nem teszik meg, akkor legyen a nevunk: &#8222;Erdely egy kancso sor mellett.&#8221;<\/b><\/p>\n<p>\nKanada, 2000. november.<\/p>\n","protected":false},"excerpt":{"rendered":"<p>Mindig mondom, hogy az abszurdot \u00e9lj\u00fck, \u00e9s nem irodalmi alkot\u00e1sokb\u00f3l tanuljuk, mik\u00e9nt a Nyugat. 1. Emigr\u00e1ns t\u00f6rt\u00e9nete Tizenvalah\u00e1ny \u00e9ve az akkor m\u00e9g nem skizofr\u00e9n erd\u00e9lyi magyar emigr\u00e1ns &#8222;elmenek\u00fclt&#8221; Erd\u00e9lyb\u0151l. Magyarorsz\u00e1gra. Na j\u00f3, ne dramatiz\u00e1ljunk: sima n\u00e9vh\u00e1zass\u00e1g volt, a bosszant\u00f3 csak az, hogy a &#8222;nej&#8221; anyagilag rendesen \u00e1tverte, pedig mindig okosabbnak k\u00e9pzelj\u00fck magunkat a csonk\u00e1kn\u00e1l! Val\u00f3sz\u00edn\u0171&hellip; <a class=\"read-more\" href=\"https:\/\/istvanhorvath.com\/huma\/szovegmentes\/skizo-teszt\/\">Read More<\/a><\/p>\n","protected":false},"author":1,"featured_media":0,"parent":332,"menu_order":0,"comment_status":"open","ping_status":"open","template":"","meta":{"jetpack_post_was_ever_published":false,"footnotes":""},"class_list":["post-162","page","type-page","status-publish","hentry"],"yoast_head":"<!-- This site is optimized with the Yoast SEO plugin v26.8 - https:\/\/yoast.com\/product\/yoast-seo-wordpress\/ -->\n<title>A skizofr\u00e9n erd\u00e9lyi emigr\u00e1ns esete a vil\u00e1gh\u00e1l\u00f3val - Id\u0151utaz\u00e1sok a t\u00e9rben<\/title>\n<meta name=\"robots\" content=\"index, follow, max-snippet:-1, max-image-preview:large, max-video-preview:-1\" \/>\n<link rel=\"canonical\" href=\"https:\/\/istvanhorvath.com\/huma\/szovegmentes\/skizo-teszt\/\" \/>\n<link rel=\"next\" href=\"https:\/\/istvanhorvath.com\/huma\/szovegmentes\/skizo-teszt\/2\/\" \/>\n<meta property=\"og:locale\" content=\"hu_HU\" \/>\n<meta property=\"og:type\" content=\"article\" \/>\n<meta property=\"og:title\" content=\"A skizofr\u00e9n erd\u00e9lyi emigr\u00e1ns esete a vil\u00e1gh\u00e1l\u00f3val - Id\u0151utaz\u00e1sok a t\u00e9rben\" \/>\n<meta property=\"og:description\" content=\"Mindig mondom, hogy az abszurdot \u00e9lj\u00fck, \u00e9s nem irodalmi alkot\u00e1sokb\u00f3l tanuljuk, mik\u00e9nt a Nyugat. 1. Emigr\u00e1ns t\u00f6rt\u00e9nete Tizenvalah\u00e1ny \u00e9ve az akkor m\u00e9g nem skizofr\u00e9n erd\u00e9lyi magyar emigr\u00e1ns &#8222;elmenek\u00fclt&#8221; Erd\u00e9lyb\u0151l. Magyarorsz\u00e1gra. Na j\u00f3, ne dramatiz\u00e1ljunk: sima n\u00e9vh\u00e1zass\u00e1g volt, a bosszant\u00f3 csak az, hogy a &#8222;nej&#8221; anyagilag rendesen \u00e1tverte, pedig mindig okosabbnak k\u00e9pzelj\u00fck magunkat a csonk\u00e1kn\u00e1l! Val\u00f3sz\u00edn\u0171&hellip; Read More\" \/>\n<meta property=\"og:url\" content=\"https:\/\/istvanhorvath.com\/huma\/szovegmentes\/skizo-teszt\/\" \/>\n<meta property=\"og:site_name\" content=\"Id\u0151utaz\u00e1sok a t\u00e9rben\" \/>\n<meta property=\"article:modified_time\" content=\"2016-01-29T18:07:15+00:00\" \/>\n<meta name=\"twitter:card\" content=\"summary_large_image\" \/>\n<meta name=\"twitter:label1\" content=\"Becs\u00fclt olvas\u00e1si id\u0151\" \/>\n\t<meta name=\"twitter:data1\" content=\"27 perc\" \/>\n<script type=\"application\/ld+json\" class=\"yoast-schema-graph\">{\"@context\":\"https:\/\/schema.org\",\"@graph\":[{\"@type\":\"WebPage\",\"@id\":\"https:\/\/istvanhorvath.com\/huma\/szovegmentes\/skizo-teszt\/\",\"url\":\"https:\/\/istvanhorvath.com\/huma\/szovegmentes\/skizo-teszt\/\",\"name\":\"A skizofr\u00e9n erd\u00e9lyi emigr\u00e1ns esete a vil\u00e1gh\u00e1l\u00f3val - Id\u0151utaz\u00e1sok a t\u00e9rben\",\"isPartOf\":{\"@id\":\"https:\/\/istvanhorvath.com\/huma\/#website\"},\"datePublished\":\"2008-11-15T21:21:08+00:00\",\"dateModified\":\"2016-01-29T18:07:15+00:00\",\"breadcrumb\":{\"@id\":\"https:\/\/istvanhorvath.com\/huma\/szovegmentes\/skizo-teszt\/#breadcrumb\"},\"inLanguage\":\"hu\",\"potentialAction\":[{\"@type\":\"ReadAction\",\"target\":[\"https:\/\/istvanhorvath.com\/huma\/szovegmentes\/skizo-teszt\/\"]}]},{\"@type\":\"BreadcrumbList\",\"@id\":\"https:\/\/istvanhorvath.com\/huma\/szovegmentes\/skizo-teszt\/#breadcrumb\",\"itemListElement\":[{\"@type\":\"ListItem\",\"position\":1,\"name\":\"Home\",\"item\":\"https:\/\/istvanhorvath.com\/huma\/\"},{\"@type\":\"ListItem\",\"position\":2,\"name\":\"Sz\u00f6vegment\u00e9s\"}]},{\"@type\":\"WebSite\",\"@id\":\"https:\/\/istvanhorvath.com\/huma\/#website\",\"url\":\"https:\/\/istvanhorvath.com\/huma\/\",\"name\":\"Id\u0151utaz\u00e1sok a t\u00e9rben\",\"description\":\"Magyarul mes\u00e9lni a vil\u00e1gr\u00f3l\",\"potentialAction\":[{\"@type\":\"SearchAction\",\"target\":{\"@type\":\"EntryPoint\",\"urlTemplate\":\"https:\/\/istvanhorvath.com\/huma\/?s={search_term_string}\"},\"query-input\":{\"@type\":\"PropertyValueSpecification\",\"valueRequired\":true,\"valueName\":\"search_term_string\"}}],\"inLanguage\":\"hu\"}]}<\/script>\n<!-- \/ Yoast SEO plugin. -->","yoast_head_json":{"title":"A skizofr\u00e9n erd\u00e9lyi emigr\u00e1ns esete a vil\u00e1gh\u00e1l\u00f3val - Id\u0151utaz\u00e1sok a t\u00e9rben","robots":{"index":"index","follow":"follow","max-snippet":"max-snippet:-1","max-image-preview":"max-image-preview:large","max-video-preview":"max-video-preview:-1"},"canonical":"https:\/\/istvanhorvath.com\/huma\/szovegmentes\/skizo-teszt\/","next":"https:\/\/istvanhorvath.com\/huma\/szovegmentes\/skizo-teszt\/2\/","og_locale":"hu_HU","og_type":"article","og_title":"A skizofr\u00e9n erd\u00e9lyi emigr\u00e1ns esete a vil\u00e1gh\u00e1l\u00f3val - Id\u0151utaz\u00e1sok a t\u00e9rben","og_description":"Mindig mondom, hogy az abszurdot \u00e9lj\u00fck, \u00e9s nem irodalmi alkot\u00e1sokb\u00f3l tanuljuk, mik\u00e9nt a Nyugat. 1. Emigr\u00e1ns t\u00f6rt\u00e9nete Tizenvalah\u00e1ny \u00e9ve az akkor m\u00e9g nem skizofr\u00e9n erd\u00e9lyi magyar emigr\u00e1ns &#8222;elmenek\u00fclt&#8221; Erd\u00e9lyb\u0151l. Magyarorsz\u00e1gra. Na j\u00f3, ne dramatiz\u00e1ljunk: sima n\u00e9vh\u00e1zass\u00e1g volt, a bosszant\u00f3 csak az, hogy a &#8222;nej&#8221; anyagilag rendesen \u00e1tverte, pedig mindig okosabbnak k\u00e9pzelj\u00fck magunkat a csonk\u00e1kn\u00e1l! Val\u00f3sz\u00edn\u0171&hellip; Read More","og_url":"https:\/\/istvanhorvath.com\/huma\/szovegmentes\/skizo-teszt\/","og_site_name":"Id\u0151utaz\u00e1sok a t\u00e9rben","article_modified_time":"2016-01-29T18:07:15+00:00","twitter_card":"summary_large_image","twitter_misc":{"Becs\u00fclt olvas\u00e1si id\u0151":"27 perc"},"schema":{"@context":"https:\/\/schema.org","@graph":[{"@type":"WebPage","@id":"https:\/\/istvanhorvath.com\/huma\/szovegmentes\/skizo-teszt\/","url":"https:\/\/istvanhorvath.com\/huma\/szovegmentes\/skizo-teszt\/","name":"A skizofr\u00e9n erd\u00e9lyi emigr\u00e1ns esete a vil\u00e1gh\u00e1l\u00f3val - Id\u0151utaz\u00e1sok a t\u00e9rben","isPartOf":{"@id":"https:\/\/istvanhorvath.com\/huma\/#website"},"datePublished":"2008-11-15T21:21:08+00:00","dateModified":"2016-01-29T18:07:15+00:00","breadcrumb":{"@id":"https:\/\/istvanhorvath.com\/huma\/szovegmentes\/skizo-teszt\/#breadcrumb"},"inLanguage":"hu","potentialAction":[{"@type":"ReadAction","target":["https:\/\/istvanhorvath.com\/huma\/szovegmentes\/skizo-teszt\/"]}]},{"@type":"BreadcrumbList","@id":"https:\/\/istvanhorvath.com\/huma\/szovegmentes\/skizo-teszt\/#breadcrumb","itemListElement":[{"@type":"ListItem","position":1,"name":"Home","item":"https:\/\/istvanhorvath.com\/huma\/"},{"@type":"ListItem","position":2,"name":"Sz\u00f6vegment\u00e9s"}]},{"@type":"WebSite","@id":"https:\/\/istvanhorvath.com\/huma\/#website","url":"https:\/\/istvanhorvath.com\/huma\/","name":"Id\u0151utaz\u00e1sok a t\u00e9rben","description":"Magyarul mes\u00e9lni a vil\u00e1gr\u00f3l","potentialAction":[{"@type":"SearchAction","target":{"@type":"EntryPoint","urlTemplate":"https:\/\/istvanhorvath.com\/huma\/?s={search_term_string}"},"query-input":{"@type":"PropertyValueSpecification","valueRequired":true,"valueName":"search_term_string"}}],"inLanguage":"hu"}]}},"jetpack_shortlink":"https:\/\/wp.me\/P72XfH-2C","jetpack_sharing_enabled":true,"_links":{"self":[{"href":"https:\/\/istvanhorvath.com\/huma\/wp-json\/wp\/v2\/pages\/162","targetHints":{"allow":["GET"]}}],"collection":[{"href":"https:\/\/istvanhorvath.com\/huma\/wp-json\/wp\/v2\/pages"}],"about":[{"href":"https:\/\/istvanhorvath.com\/huma\/wp-json\/wp\/v2\/types\/page"}],"author":[{"embeddable":true,"href":"https:\/\/istvanhorvath.com\/huma\/wp-json\/wp\/v2\/users\/1"}],"replies":[{"embeddable":true,"href":"https:\/\/istvanhorvath.com\/huma\/wp-json\/wp\/v2\/comments?post=162"}],"version-history":[{"count":0,"href":"https:\/\/istvanhorvath.com\/huma\/wp-json\/wp\/v2\/pages\/162\/revisions"}],"up":[{"embeddable":true,"href":"https:\/\/istvanhorvath.com\/huma\/wp-json\/wp\/v2\/pages\/332"}],"wp:attachment":[{"href":"https:\/\/istvanhorvath.com\/huma\/wp-json\/wp\/v2\/media?parent=162"}],"curies":[{"name":"wp","href":"https:\/\/api.w.org\/{rel}","templated":true}]}}